{"id":463,"date":"2019-04-23T18:21:53","date_gmt":"2019-04-23T16:21:53","guid":{"rendered":"http:\/\/asu77ussy.fr\/?page_id=463"},"modified":"2026-04-17T22:50:07","modified_gmt":"2026-04-17T20:50:07","slug":"saint-colomban","status":"publish","type":"page","link":"https:\/\/asu77ussy.fr\/index.php\/saint-colomban\/","title":{"rendered":"Saint Colomban"},"content":{"rendered":"<h6>Moine irlandais du Haut Moyen-\u00c2ge, il est l&rsquo;un des artisans de l\u2019Europe chr\u00e9tienne qui s\u2019est construite sur des fondations monastiques r\u00e9pandues dans toute la Gaule jusqu\u2019au nord de l\u2019Italie.<\/h6>\n<h6>Ci-apr\u00e8s, divers articles, \u00e9v\u00e8nements et associations le repr\u00e9sentant.<\/h6>\n<h6><strong><span style=\"color: #000000;\">Le parcours de saint Colomban<\/span><\/strong><\/h6>\n<ul>\n<li>\n<h6><a href=\"http:\/\/Colomban et l\u2019h\u00e9ritage des moines irlandais\" target=\"_blank\" rel=\"noopener\" data-wplink-url-error=\"true\"><span style=\"color: #ff6600;\">Saint Colomban et l&rsquo;h\u00e9ritage des moines irlandais &#8211; vid\u00e9o 50 mn (d\u00e9c 2015)<\/span><\/a><\/h6>\n<\/li>\n<li>\n<h6><span style=\"color: #ff6600;\"><a style=\"color: #ff6600;\" href=\"https:\/\/asu77ussy.fr\/index.php\/saint-colomban\/presentation-de-la-via-colombani\/\" target=\"_blank\" rel=\"noopener\">Pr\u00e9sentation de la VIACOLOMBANI<\/a> (mars 2023)<\/span><\/h6>\n<\/li>\n<li>\n<h6><span style=\"color: #ff6600;\"><a style=\"color: #ff6600;\" href=\"https:\/\/asu77ussy.fr\/index.php\/saint-colomban\/saint-colomban\/le-parcours-de-st-colomban\/le-chemin-de-saint-colomban-en-video\/\">Le chemin de saint Colomban en vid\u00e9o (nov 2015<\/a>)<\/span><\/h6>\n<\/li>\n<li>\n<h6><span style=\"color: #ff6600;\"><a style=\"color: #ff6600;\" href=\"https:\/\/asu77ussy.fr\/index.php\/saint-colomban\/ceremonies-et-expositions\/a-la-rencontre-de-saint-colomban\/\">A la rencontre de saint Colomban (nov 2015<\/a>)<\/span><\/h6>\n<\/li>\n<li>\n<h6><span style=\"color: #ff6600;\"><a style=\"color: #ff6600;\" href=\"https:\/\/asu77ussy.fr\/index.php\/saint-colomban\/saint-colomban\/\">Abb\u00e9 de Luxeuil et de Bobbio (mars 2015<\/a>)<\/span><\/h6>\n<\/li>\n<\/ul>\n<h6><strong><span style=\"color: #000000;\">Associations et f\u00e9d\u00e9ration<\/span><\/strong><\/h6>\n<ul>\n<li><span style=\"color: #ff6600;\"><a style=\"color: #ff6600;\" href=\"https:\/\/www.lesamisbretonsdecolomban.fr\/\" target=\"_blank\" rel=\"noopener\">SAINT-COULOMB &#8211; Les Amis bretons de saint Colomban<\/a><\/span><\/li>\n<li><span style=\"color: #ff6600;\"><a style=\"color: #ff6600;\" href=\"https:\/\/www.amisaintcolomban.org\/wordpress\/\" target=\"_blank\" rel=\"noopener\">LUXEUIL-LES-BAINS &#8211; Les Amis de saint Colomban<\/a><\/span><\/li>\n<li><span style=\"color: #ff6600;\"><a style=\"color: #ff6600;\" href=\"https:\/\/www.saintcolomban-enbrie.com\/l-association\/\" target=\"_blank\" rel=\"noopener\">JOUARRE &#8211; Saint Colomban en Brie<\/a><\/span><\/li>\n<li><span style=\"color: #ff6600;\"><a style=\"color: #ff6600;\" href=\"https:\/\/friendsofcolumbanusbangor.co.uk\/\" target=\"_blank\" rel=\"noopener\">BANGOR\u00a0 &#8211; Friends of Columbanus<\/a><\/span><\/li>\n<li><span style=\"color: #ff6600;\">DUBLIN Irlande &#8211; Friends of St Columban\u00a0 \u00a0 \u00a0 \u00a0 \u00a0 \u00a0 \u00a0 \u00a0 \u00a0 \u00a0 \u00a0 \u00a0 \u00a0 \u00a0 \u00a0 \u00a0 \u00a0 \u00a0 \u00a0 \u00a0 \u00a0 \u00a0 \u00a0 www.columbans.eu\/index.php\/mission\/action\/989-friends-of-st-columban<\/span><\/li>\n<li><span style=\"color: #ff6600;\"><a style=\"color: #ff6600;\" href=\"https:\/\/www.facebook.com\/AmiciSanColombano\/\" target=\"_blank\" rel=\"noopener\">BOBBIO Italie &#8211; Di Amici di san Colombano<\/a><\/span><\/li>\n<li><span style=\"color: #ff6600;\"><a style=\"color: #ff6600;\" href=\"https:\/\/columbans.ie\/mission-outreach\/turas-columbanus\/\" target=\"_blank\" rel=\"noopener\">DUBLIN Irlande &#8211; Turas Columbanus<\/a><\/span><\/li>\n<li><span style=\"color: #ff6600;\"><a style=\"color: #ff6600;\" href=\"https:\/\/www.kolumbansweg.ch\/\" target=\"_blank\" rel=\"noopener\">SAINT-GALL Suisse &#8211; Kolumbansweg<\/a><\/span><\/li>\n<li><span style=\"color: #ff6600;\"><a style=\"color: #ff6600;\" href=\"http:\/\/F\u00e9d\u00e9ration VIA COLUMBANI - Luxeuil-les-Bains\" target=\"_blank\" rel=\"noopener\" data-wplink-url-error=\"true\">F\u00e9d\u00e9ration VIA COLUMBANI &#8211; Luxeuil-les-Bains<\/a><\/span><\/li>\n<\/ul>\n<h6><strong><span style=\"color: #000000;\">C\u00e9r\u00e9monies et expositions<\/span><\/strong><\/h6>\n<ul>\n<li>\n<h6 style=\"text-align: left;\"><span style=\"color: #ff6600;\"><a style=\"color: #ff6600;\" href=\"https:\/\/asu77ussy.fr\/index.php\/lirlande-a-lhonneur\/\" target=\"_blank\" rel=\"noopener\">Inauguration panneau et macaron VIA COLUMBANI (mars 2026)<\/a><\/span><\/h6>\n<\/li>\n<li>\n<h6><span style=\"color: #ff6600;\"><a style=\"color: #ff6600;\" href=\"https:\/\/asu77ussy.fr\/index.php\/saint-colomban-au-val-deurope-octobre-2025\/\" target=\"_blank\" rel=\"noopener\">Saint-Colomban au Val d&rsquo;Europe (octobre 2025)<\/a><\/span><\/h6>\n<\/li>\n<li>\n<h6><a href=\"https:\/\/www.cnews.fr\/emission\/2025-02-08\/saint-colomban-les-racines-chretiennes-de-leurope-les-belles-figures-de\" target=\"_blank\" rel=\"noopener\"><span style=\"color: #ff6600;\">Saint Colomban dans l\u2019\u00e9mission \u00ab les plus belles figures de l\u2019histoire \u00bb diffus\u00e9e sur Cnew (08 f\u00e9vrier 2025)<\/span><\/a><\/h6>\n<\/li>\n<li>\n<h6><span style=\"color: #ff6600;\"> Turas Columbanus \/ Columban Way, version irlandaise de la Via Columbani, vid\u00e9o en anglais sous-titr\u00e9e en fran\u00e7ais\u00a0 : <u><a style=\"color: #ff6600;\" href=\"https:\/\/vimeo.com\/1162128564\" target=\"_blank\" rel=\"noopener\" data-outlook-id=\"73214375-2fa9-4a02-82ac-75eacc023b08\">https:\/\/vimeo.com\/1162128564<\/a><\/u><u>\u00a0<\/u><\/span><\/h6>\n<\/li>\n<li>\n<h6><a href=\"https:\/\/asu77ussy.fr\/index.php\/saint-colomban\/saint-colomban-entre-poesie-et-histoire\/\" target=\"_blank\" rel=\"noopener\"><span style=\"color: #ff6600;\">Saint Colomban, entre po\u00e9sie et histoire (mars 2022)<\/span><\/a><\/h6>\n<\/li>\n<li>\n<h6><span style=\"color: #ff6600;\"><a style=\"color: #ff6600;\" href=\"https:\/\/asu77ussy.fr\/index.php\/saint-colomban\/ceremonies-et-expositions\/sculpture-de-saint-colomban-sur-kto-tv\/\">Sculpture de saint Colomban (octobre 2018<\/a>)<\/span><\/h6>\n<\/li>\n<li>\n<h6><span style=\"color: #ff6600;\"><a style=\"color: #ff6600;\" href=\"https:\/\/asu77ussy.fr\/index.php\/monuments-patrimoine\/visite-a-la-tour-romane-de-jouarre\/\">Exposition IRLANDE EN BRIE (ao\u00fbt 2017<\/a>)<\/span><\/h6>\n<\/li>\n<li>\n<h6><span style=\"color: #ff6600;\"><a style=\"color: #ff6600;\" href=\"https:\/\/asu77ussy.fr\/index.php\/saint-colomban\/saint-colomban-et-les-origines-de-leurope\/\">Saint Colomban et les origines de l&rsquo;Europe (mars 2017<\/a>)<\/span><\/h6>\n<\/li>\n<li>\n<h6><span style=\"color: #ff6600;\"><a style=\"color: #ff6600;\" href=\"https:\/\/asu77ussy.fr\/index.php\/saint-colomban\/inauguration\/\">Inauguration statue saint Colomban (septembre 2016<\/a>)<\/span><\/h6>\n<\/li>\n<li>\n<h6><span style=\"color: #ff6600;\"><a style=\"color: #ff6600;\" href=\"https:\/\/asu77ussy.fr\/index.php\/saint-colomban\/ceremonies-et-expositions\/celebration-saint-colombin-a-ussy-sur-marne\/\">14\u00e8me centenaire de la mort de saint Colomban (novembre 2015<\/a>)<\/span><\/h6>\n<h6><\/h6>\n<h6><strong><span style=\"color: #000000;\">Litt\u00e9rature<\/span><\/strong><\/h6>\n<\/li>\n<li>\n<h6><span style=\"color: #ff6600;\"><a style=\"color: #ff6600;\" href=\"https:\/\/asu77ussy.fr\/index.php\/saint-colomban\/saint-colomban-et-les-racines-chretiennes-de-leurope\/\">Saint Colomban et les racines chr\u00e9tiennes de l&rsquo;Europe<\/a><\/span><\/h6>\n<h6><\/h6>\n<h6><\/h6>\n<h6><strong><span style=\"color: #000000;\">Le jeu<\/span><\/strong><\/h6>\n<h6><span style=\"color: #ff6600;\"><a style=\"color: #ff6600;\" href=\"https:\/\/asu77ussy.fr\/index.php\/le-jeu-de-la-via-columbani\/\" target=\"_blank\" rel=\"noopener\">Le jeu de la Via Colombani<\/a><\/span><a href=\"https:\/\/asu77ussy.fr\/index.php\/le-jeu-de-la-via-columbani\/\" target=\"_blank\" rel=\"noopener\"><img data-recalc-dims=\"1\" loading=\"lazy\" decoding=\"async\" class=\"alignnone wp-image-6176\" src=\"https:\/\/i0.wp.com\/asu77ussy.fr\/wp-content\/uploads\/2024\/01\/9x16-jeu-via-columbani2.jpg?resize=142%2C78&#038;ssl=1\" alt=\"\" width=\"142\" height=\"78\" srcset=\"https:\/\/i0.wp.com\/asu77ussy.fr\/wp-content\/uploads\/2024\/01\/9x16-jeu-via-columbani2.jpg?resize=300%2C165&amp;ssl=1 300w, https:\/\/i0.wp.com\/asu77ussy.fr\/wp-content\/uploads\/2024\/01\/9x16-jeu-via-columbani2.jpg?w=591&amp;ssl=1 591w\" sizes=\"auto, (max-width: 142px) 100vw, 142px\" \/><\/a><\/h6>\n<\/li>\n<\/ul>\n","protected":false},"excerpt":{"rendered":"<p>Moine irlandais du Haut Moyen-\u00c2ge, il est l&rsquo;un des artisans de l\u2019Europe chr\u00e9tienne qui s\u2019est construite sur des fondations monastiques<\/p>\n","protected":false},"author":1,"featured_media":0,"parent":0,"menu_order":0,"comment_status":"closed","ping_status":"closed","template":"","meta":{"colormag_page_container_layout":"no_sidebar_content_centered","colormag_page_sidebar_layout":"no_sidebar","jetpack_post_was_ever_published":false,"footnotes":""},"class_list":["post-463","page","type-page","status-publish","hentry"],"jetpack_sharing_enabled":true,"jetpack_shortlink":"https:\/\/wp.me\/PaUFS9-7t","_links":{"self":[{"href":"https:\/\/asu77ussy.fr\/index.php\/wp-json\/wp\/v2\/pages\/463","targetHints":{"allow":["GET"]}}],"collection":[{"href":"https:\/\/asu77ussy.fr\/index.php\/wp-json\/wp\/v2\/pages"}],"about":[{"href":"https:\/\/asu77ussy.fr\/index.php\/wp-json\/wp\/v2\/types\/page"}],"author":[{"embeddable":true,"href":"https:\/\/asu77ussy.fr\/index.php\/wp-json\/wp\/v2\/users\/1"}],"replies":[{"embeddable":true,"href":"https:\/\/asu77ussy.fr\/index.php\/wp-json\/wp\/v2\/comments?post=463"}],"version-history":[{"count":33,"href":"https:\/\/asu77ussy.fr\/index.php\/wp-json\/wp\/v2\/pages\/463\/revisions"}],"predecessor-version":[{"id":7121,"href":"https:\/\/asu77ussy.fr\/index.php\/wp-json\/wp\/v2\/pages\/463\/revisions\/7121"}],"wp:attachment":[{"href":"https:\/\/asu77ussy.fr\/index.php\/wp-json\/wp\/v2\/media?parent=463"}],"curies":[{"name":"wp","href":"https:\/\/api.w.org\/{rel}","templated":true}]}}