{"id":1121,"date":"2019-07-29T17:30:38","date_gmt":"2019-07-29T15:30:38","guid":{"rendered":"http:\/\/asu77ussy.fr\/?page_id=1121"},"modified":"2024-09-12T20:16:20","modified_gmt":"2024-09-12T18:16:20","slug":"promenade-sur-les-pas-dhenri-hayden","status":"publish","type":"page","link":"https:\/\/asu77ussy.fr\/index.php\/personnalites-et-artistes-remarquables\/henri-hayden\/promenade-sur-les-pas-dhenri-hayden\/","title":{"rendered":"Promenade sur les pas d&rsquo;Henri Hayden"},"content":{"rendered":"\n<div class=\"wp-block-columns are-vertically-aligned-center is-layout-flex wp-container-core-columns-is-layout-28f84493 wp-block-columns-is-layout-flex\">\n<div class=\"wp-block-column is-vertically-aligned-center is-layout-flow wp-block-column-is-layout-flow\" style=\"flex-basis:100%\">\n<p><img data-recalc-dims=\"1\" loading=\"lazy\" decoding=\"async\" class=\"wp-image-3773  alignright\" src=\"https:\/\/i0.wp.com\/asu77ussy.fr\/wp-content\/uploads\/2020\/11\/1.jpg400.jpg?resize=334%2C247&#038;ssl=1\" alt=\"\" width=\"334\" height=\"247\" \/><\/p>\n<p>Chers randonneurs,<\/p>\n<p>vous partez \u00e0 la d\u00e9couverte de la promenade <strong>Sur les pas du peintre Henri Hayden<\/strong>. Cette page vous permettra de suivre le trac\u00e9 \u00e9tape par \u00e9tape.<\/p>\n<p>Nous vous souhaitons une belle randonn\u00e9e, elle sera diff\u00e9rente suivant les saisons mais toujours aussi belle et agr\u00e9able, sans difficult\u00e9 durant ses 9,32 km et accessible \u00e0 tous.<\/p>\n<p>N&rsquo;h\u00e9sitez pas \u00e0 nous faire part de vos commentaires ; ils nous aideront \u00e0 la perfectionner : asu77260@gmail.com<\/p>\n<p style=\"text-align: left;\"><span style=\"color: #ff0000;\"><strong>A noter que certains<\/strong> <strong>panneaux peuvent subir des d\u00e9gradations. Si vous voyez un panneau tr\u00e8s abim\u00e9, n&rsquo;h\u00e9sitez pas \u00e0 nous le signaler via le mail ci-dessus en joignant une photo si possible. Merci par avance.<\/strong><\/span><\/p>\n<\/div>\n<\/div>\n\n\n\n<div class=\"wp-block-columns is-layout-flex wp-container-core-columns-is-layout-28f84493 wp-block-columns-is-layout-flex\">\n<div class=\"wp-block-column is-layout-flow wp-block-column-is-layout-flow\" style=\"flex-basis:100%\"><a href=\"https:\/\/asu77ussy.fr\/wp-content\/uploads\/2021\/01\/HH-Texte-promenade-tableaux-H.pdf\" class=\"pdfemb-viewer\" style=\"\" data-width=\"max\" data-height=\"max\" data-toolbar=\"bottom\" data-toolbar-fixed=\"on\">HH-Texte-promenade-tableaux-H<\/a><\/div>\n<\/div>\n\n\n<h5>\u00a0<\/h5>\n<h5 style=\"text-align: center;\"><em>Voici quelques paysages que vous pourrez rencontrer en parcourant ce circuit<\/em><\/h5>\n\n\n<div class=\"wp-block-jetpack-tiled-gallery aligncenter is-style-rectangular\"><div class=\"\"><div class=\"tiled-gallery__gallery\"><div class=\"tiled-gallery__row\"><div class=\"tiled-gallery__col\" style=\"flex-basis:69.29652%\"><figure class=\"tiled-gallery__item\"><img decoding=\"async\" srcset=\"https:\/\/i1.wp.com\/asu77ussy.fr\/wp-content\/uploads\/2021\/01\/ciel-sombre-sur-la-plaine-1024x683.jpg?strip=info&#038;w=600&#038;ssl=1 600w,https:\/\/i1.wp.com\/asu77ussy.fr\/wp-content\/uploads\/2021\/01\/ciel-sombre-sur-la-plaine-1024x683.jpg?strip=info&#038;w=900&#038;ssl=1 900w,https:\/\/i1.wp.com\/asu77ussy.fr\/wp-content\/uploads\/2021\/01\/ciel-sombre-sur-la-plaine-1024x683.jpg?strip=info&#038;w=1200&#038;ssl=1 1200w,https:\/\/i1.wp.com\/asu77ussy.fr\/wp-content\/uploads\/2021\/01\/ciel-sombre-sur-la-plaine-1024x683.jpg?strip=info&#038;w=1500&#038;ssl=1 1500w,https:\/\/i1.wp.com\/asu77ussy.fr\/wp-content\/uploads\/2021\/01\/ciel-sombre-sur-la-plaine-1024x683.jpg?strip=info&#038;w=1800&#038;ssl=1 1800w,https:\/\/i1.wp.com\/asu77ussy.fr\/wp-content\/uploads\/2021\/01\/ciel-sombre-sur-la-plaine-1024x683.jpg?strip=info&#038;w=2000&#038;ssl=1 2000w\" alt=\"\" data-height=\"1707\" data-id=\"4016\" data-link=\"https:\/\/asu77ussy.fr\/index.php\/personnalites-et-artistes-remarquables\/henri-hayden\/promenade-sur-les-pas-dhenri-hayden\/ciel-sombre-sur-la-plaine\/\" data-url=\"https:\/\/asu77ussy.fr\/wp-content\/uploads\/2021\/01\/ciel-sombre-sur-la-plaine-1024x683.jpg\" data-width=\"2560\" src=\"https:\/\/i1.wp.com\/asu77ussy.fr\/wp-content\/uploads\/2021\/01\/ciel-sombre-sur-la-plaine-1024x683.jpg?ssl=1\" data-amp-layout=\"responsive\" tabindex=\"0\" role=\"button\" aria-label=\"Ouvrir l\u2019image 1 sur 19 en plein \u00e9cran\"\/><\/figure><\/div><div class=\"tiled-gallery__col\" style=\"flex-basis:30.70348%\"><figure class=\"tiled-gallery__item\"><img decoding=\"async\" srcset=\"https:\/\/i1.wp.com\/asu77ussy.fr\/wp-content\/uploads\/2021\/01\/couratblon.jpg?strip=info&#038;w=600&#038;ssl=1 600w,https:\/\/i1.wp.com\/asu77ussy.fr\/wp-content\/uploads\/2021\/01\/couratblon.jpg?strip=info&#038;w=640&#038;ssl=1 640w\" alt=\"\" data-height=\"480\" data-id=\"4018\" data-link=\"https:\/\/asu77ussy.fr\/index.php\/personnalites-et-artistes-remarquables\/henri-hayden\/promenade-sur-les-pas-dhenri-hayden\/couratblon\/\" data-url=\"https:\/\/asu77ussy.fr\/wp-content\/uploads\/2021\/01\/couratblon.jpg\" data-width=\"640\" src=\"https:\/\/i1.wp.com\/asu77ussy.fr\/wp-content\/uploads\/2021\/01\/couratblon.jpg?ssl=1\" data-amp-layout=\"responsive\" tabindex=\"0\" role=\"button\" aria-label=\"Ouvrir l\u2019image 2 sur 19 en plein \u00e9cran\"\/><\/figure><figure class=\"tiled-gallery__item\"><img decoding=\"async\" srcset=\"https:\/\/i0.wp.com\/asu77ussy.fr\/wp-content\/uploads\/2021\/01\/DSC02386-1024x768.jpg?strip=info&#038;w=600&#038;ssl=1 600w,https:\/\/i0.wp.com\/asu77ussy.fr\/wp-content\/uploads\/2021\/01\/DSC02386-1024x768.jpg?strip=info&#038;w=900&#038;ssl=1 900w,https:\/\/i0.wp.com\/asu77ussy.fr\/wp-content\/uploads\/2021\/01\/DSC02386-1024x768.jpg?strip=info&#038;w=1200&#038;ssl=1 1200w,https:\/\/i0.wp.com\/asu77ussy.fr\/wp-content\/uploads\/2021\/01\/DSC02386-1024x768.jpg?strip=info&#038;w=1500&#038;ssl=1 1500w,https:\/\/i0.wp.com\/asu77ussy.fr\/wp-content\/uploads\/2021\/01\/DSC02386-1024x768.jpg?strip=info&#038;w=1800&#038;ssl=1 1800w,https:\/\/i0.wp.com\/asu77ussy.fr\/wp-content\/uploads\/2021\/01\/DSC02386-1024x768.jpg?strip=info&#038;w=2000&#038;ssl=1 2000w\" alt=\"\" data-height=\"1920\" data-id=\"4019\" data-link=\"https:\/\/asu77ussy.fr\/index.php\/personnalites-et-artistes-remarquables\/henri-hayden\/promenade-sur-les-pas-dhenri-hayden\/dsc02386\/\" data-url=\"https:\/\/asu77ussy.fr\/wp-content\/uploads\/2021\/01\/DSC02386-1024x768.jpg\" data-width=\"2560\" src=\"https:\/\/i0.wp.com\/asu77ussy.fr\/wp-content\/uploads\/2021\/01\/DSC02386-1024x768.jpg?ssl=1\" data-amp-layout=\"responsive\" tabindex=\"0\" role=\"button\" aria-label=\"Ouvrir l\u2019image 3 sur 19 en plein \u00e9cran\"\/><\/figure><\/div><\/div><div class=\"tiled-gallery__row\"><div class=\"tiled-gallery__col\" style=\"flex-basis:39.00709%\"><figure class=\"tiled-gallery__item\"><img decoding=\"async\" srcset=\"https:\/\/i2.wp.com\/asu77ussy.fr\/wp-content\/uploads\/2021\/01\/DSC02400-1024x768.jpg?strip=info&#038;w=600&#038;ssl=1 600w,https:\/\/i2.wp.com\/asu77ussy.fr\/wp-content\/uploads\/2021\/01\/DSC02400-1024x768.jpg?strip=info&#038;w=900&#038;ssl=1 900w,https:\/\/i2.wp.com\/asu77ussy.fr\/wp-content\/uploads\/2021\/01\/DSC02400-1024x768.jpg?strip=info&#038;w=1200&#038;ssl=1 1200w,https:\/\/i2.wp.com\/asu77ussy.fr\/wp-content\/uploads\/2021\/01\/DSC02400-1024x768.jpg?strip=info&#038;w=1500&#038;ssl=1 1500w,https:\/\/i2.wp.com\/asu77ussy.fr\/wp-content\/uploads\/2021\/01\/DSC02400-1024x768.jpg?strip=info&#038;w=1800&#038;ssl=1 1800w,https:\/\/i2.wp.com\/asu77ussy.fr\/wp-content\/uploads\/2021\/01\/DSC02400-1024x768.jpg?strip=info&#038;w=2000&#038;ssl=1 2000w\" alt=\"\" data-height=\"1920\" data-id=\"4020\" data-link=\"https:\/\/asu77ussy.fr\/index.php\/personnalites-et-artistes-remarquables\/henri-hayden\/promenade-sur-les-pas-dhenri-hayden\/dsc02400\/\" data-url=\"https:\/\/asu77ussy.fr\/wp-content\/uploads\/2021\/01\/DSC02400-1024x768.jpg\" data-width=\"2560\" src=\"https:\/\/i2.wp.com\/asu77ussy.fr\/wp-content\/uploads\/2021\/01\/DSC02400-1024x768.jpg?ssl=1\" data-amp-layout=\"responsive\" tabindex=\"0\" role=\"button\" aria-label=\"Ouvrir l\u2019image 4 sur 19 en plein \u00e9cran\"\/><\/figure><\/div><div class=\"tiled-gallery__col\" style=\"flex-basis:21.98582%\"><figure class=\"tiled-gallery__item\"><img decoding=\"async\" srcset=\"https:\/\/i1.wp.com\/asu77ussy.fr\/wp-content\/uploads\/2021\/01\/DSC02412-1024x768.jpg?strip=info&#038;w=600&#038;ssl=1 600w,https:\/\/i1.wp.com\/asu77ussy.fr\/wp-content\/uploads\/2021\/01\/DSC02412-1024x768.jpg?strip=info&#038;w=900&#038;ssl=1 900w,https:\/\/i1.wp.com\/asu77ussy.fr\/wp-content\/uploads\/2021\/01\/DSC02412-1024x768.jpg?strip=info&#038;w=1200&#038;ssl=1 1200w,https:\/\/i1.wp.com\/asu77ussy.fr\/wp-content\/uploads\/2021\/01\/DSC02412-1024x768.jpg?strip=info&#038;w=1500&#038;ssl=1 1500w,https:\/\/i1.wp.com\/asu77ussy.fr\/wp-content\/uploads\/2021\/01\/DSC02412-1024x768.jpg?strip=info&#038;w=1800&#038;ssl=1 1800w,https:\/\/i1.wp.com\/asu77ussy.fr\/wp-content\/uploads\/2021\/01\/DSC02412-1024x768.jpg?strip=info&#038;w=1920&#038;ssl=1 1920w\" alt=\"\" data-height=\"2560\" data-id=\"4021\" data-link=\"https:\/\/asu77ussy.fr\/index.php\/personnalites-et-artistes-remarquables\/henri-hayden\/promenade-sur-les-pas-dhenri-hayden\/dsc02412\/\" data-url=\"https:\/\/asu77ussy.fr\/wp-content\/uploads\/2021\/01\/DSC02412-1024x768.jpg\" data-width=\"1920\" src=\"https:\/\/i1.wp.com\/asu77ussy.fr\/wp-content\/uploads\/2021\/01\/DSC02412-1024x768.jpg?ssl=1\" data-amp-layout=\"responsive\" tabindex=\"0\" role=\"button\" aria-label=\"Ouvrir l\u2019image 5 sur 19 en plein \u00e9cran\"\/><\/figure><\/div><div class=\"tiled-gallery__col\" style=\"flex-basis:39.00709%\"><figure class=\"tiled-gallery__item\"><img decoding=\"async\" srcset=\"https:\/\/i1.wp.com\/asu77ussy.fr\/wp-content\/uploads\/2021\/01\/DSC02420F-1024x768.jpg?strip=info&#038;w=600&#038;ssl=1 600w,https:\/\/i1.wp.com\/asu77ussy.fr\/wp-content\/uploads\/2021\/01\/DSC02420F-1024x768.jpg?strip=info&#038;w=900&#038;ssl=1 900w,https:\/\/i1.wp.com\/asu77ussy.fr\/wp-content\/uploads\/2021\/01\/DSC02420F-1024x768.jpg?strip=info&#038;w=1200&#038;ssl=1 1200w,https:\/\/i1.wp.com\/asu77ussy.fr\/wp-content\/uploads\/2021\/01\/DSC02420F-1024x768.jpg?strip=info&#038;w=1500&#038;ssl=1 1500w,https:\/\/i1.wp.com\/asu77ussy.fr\/wp-content\/uploads\/2021\/01\/DSC02420F-1024x768.jpg?strip=info&#038;w=1800&#038;ssl=1 1800w,https:\/\/i1.wp.com\/asu77ussy.fr\/wp-content\/uploads\/2021\/01\/DSC02420F-1024x768.jpg?strip=info&#038;w=2000&#038;ssl=1 2000w\" alt=\"\" data-height=\"1920\" data-id=\"4022\" data-link=\"https:\/\/asu77ussy.fr\/index.php\/personnalites-et-artistes-remarquables\/henri-hayden\/promenade-sur-les-pas-dhenri-hayden\/dsc02420f\/\" data-url=\"https:\/\/asu77ussy.fr\/wp-content\/uploads\/2021\/01\/DSC02420F-1024x768.jpg\" data-width=\"2560\" src=\"https:\/\/i1.wp.com\/asu77ussy.fr\/wp-content\/uploads\/2021\/01\/DSC02420F-1024x768.jpg?ssl=1\" data-amp-layout=\"responsive\" tabindex=\"0\" role=\"button\" aria-label=\"Ouvrir l\u2019image 6 sur 19 en plein \u00e9cran\"\/><\/figure><\/div><\/div><div class=\"tiled-gallery__row\"><div class=\"tiled-gallery__col\" style=\"flex-basis:33.25453%\"><figure class=\"tiled-gallery__item\"><img decoding=\"async\" srcset=\"https:\/\/i2.wp.com\/asu77ussy.fr\/wp-content\/uploads\/2021\/01\/DSC02428-1024x768.jpg?strip=info&#038;w=600&#038;ssl=1 600w,https:\/\/i2.wp.com\/asu77ussy.fr\/wp-content\/uploads\/2021\/01\/DSC02428-1024x768.jpg?strip=info&#038;w=900&#038;ssl=1 900w,https:\/\/i2.wp.com\/asu77ussy.fr\/wp-content\/uploads\/2021\/01\/DSC02428-1024x768.jpg?strip=info&#038;w=1200&#038;ssl=1 1200w,https:\/\/i2.wp.com\/asu77ussy.fr\/wp-content\/uploads\/2021\/01\/DSC02428-1024x768.jpg?strip=info&#038;w=1500&#038;ssl=1 1500w,https:\/\/i2.wp.com\/asu77ussy.fr\/wp-content\/uploads\/2021\/01\/DSC02428-1024x768.jpg?strip=info&#038;w=1800&#038;ssl=1 1800w,https:\/\/i2.wp.com\/asu77ussy.fr\/wp-content\/uploads\/2021\/01\/DSC02428-1024x768.jpg?strip=info&#038;w=2000&#038;ssl=1 2000w\" alt=\"\" data-height=\"1920\" data-id=\"4023\" data-link=\"https:\/\/asu77ussy.fr\/index.php\/personnalites-et-artistes-remarquables\/henri-hayden\/promenade-sur-les-pas-dhenri-hayden\/dsc02428\/\" data-url=\"https:\/\/asu77ussy.fr\/wp-content\/uploads\/2021\/01\/DSC02428-1024x768.jpg\" data-width=\"2560\" src=\"https:\/\/i2.wp.com\/asu77ussy.fr\/wp-content\/uploads\/2021\/01\/DSC02428-1024x768.jpg?ssl=1\" data-amp-layout=\"responsive\" tabindex=\"0\" role=\"button\" aria-label=\"Ouvrir l\u2019image 7 sur 19 en plein \u00e9cran\"\/><\/figure><figure class=\"tiled-gallery__item\"><img decoding=\"async\" srcset=\"https:\/\/i0.wp.com\/asu77ussy.fr\/wp-content\/uploads\/2021\/01\/DSC02430-G-1024x768.jpg?strip=info&#038;w=600&#038;ssl=1 600w,https:\/\/i0.wp.com\/asu77ussy.fr\/wp-content\/uploads\/2021\/01\/DSC02430-G-1024x768.jpg?strip=info&#038;w=900&#038;ssl=1 900w,https:\/\/i0.wp.com\/asu77ussy.fr\/wp-content\/uploads\/2021\/01\/DSC02430-G-1024x768.jpg?strip=info&#038;w=1200&#038;ssl=1 1200w,https:\/\/i0.wp.com\/asu77ussy.fr\/wp-content\/uploads\/2021\/01\/DSC02430-G-1024x768.jpg?strip=info&#038;w=1500&#038;ssl=1 1500w,https:\/\/i0.wp.com\/asu77ussy.fr\/wp-content\/uploads\/2021\/01\/DSC02430-G-1024x768.jpg?strip=info&#038;w=1800&#038;ssl=1 1800w,https:\/\/i0.wp.com\/asu77ussy.fr\/wp-content\/uploads\/2021\/01\/DSC02430-G-1024x768.jpg?strip=info&#038;w=2000&#038;ssl=1 2000w\" alt=\"\" data-height=\"1920\" data-id=\"4024\" data-link=\"https:\/\/asu77ussy.fr\/index.php\/personnalites-et-artistes-remarquables\/henri-hayden\/promenade-sur-les-pas-dhenri-hayden\/dsc02430-g\/\" data-url=\"https:\/\/asu77ussy.fr\/wp-content\/uploads\/2021\/01\/DSC02430-G-1024x768.jpg\" data-width=\"2560\" src=\"https:\/\/i0.wp.com\/asu77ussy.fr\/wp-content\/uploads\/2021\/01\/DSC02430-G-1024x768.jpg?ssl=1\" data-amp-layout=\"responsive\" tabindex=\"0\" role=\"button\" aria-label=\"Ouvrir l\u2019image 8 sur 19 en plein \u00e9cran\"\/><\/figure><\/div><div class=\"tiled-gallery__col\" style=\"flex-basis:66.74547%\"><figure class=\"tiled-gallery__item\"><img decoding=\"async\" srcset=\"https:\/\/i2.wp.com\/asu77ussy.fr\/wp-content\/uploads\/2021\/01\/DSC02442-1024x768.jpg?strip=info&#038;w=600&#038;ssl=1 600w,https:\/\/i2.wp.com\/asu77ussy.fr\/wp-content\/uploads\/2021\/01\/DSC02442-1024x768.jpg?strip=info&#038;w=900&#038;ssl=1 900w,https:\/\/i2.wp.com\/asu77ussy.fr\/wp-content\/uploads\/2021\/01\/DSC02442-1024x768.jpg?strip=info&#038;w=1200&#038;ssl=1 1200w,https:\/\/i2.wp.com\/asu77ussy.fr\/wp-content\/uploads\/2021\/01\/DSC02442-1024x768.jpg?strip=info&#038;w=1500&#038;ssl=1 1500w,https:\/\/i2.wp.com\/asu77ussy.fr\/wp-content\/uploads\/2021\/01\/DSC02442-1024x768.jpg?strip=info&#038;w=1800&#038;ssl=1 1800w,https:\/\/i2.wp.com\/asu77ussy.fr\/wp-content\/uploads\/2021\/01\/DSC02442-1024x768.jpg?strip=info&#038;w=2000&#038;ssl=1 2000w\" alt=\"\" data-height=\"1920\" data-id=\"4025\" data-link=\"https:\/\/asu77ussy.fr\/index.php\/personnalites-et-artistes-remarquables\/henri-hayden\/promenade-sur-les-pas-dhenri-hayden\/dsc02442\/\" data-url=\"https:\/\/asu77ussy.fr\/wp-content\/uploads\/2021\/01\/DSC02442-1024x768.jpg\" data-width=\"2560\" src=\"https:\/\/i2.wp.com\/asu77ussy.fr\/wp-content\/uploads\/2021\/01\/DSC02442-1024x768.jpg?ssl=1\" data-amp-layout=\"responsive\" tabindex=\"0\" role=\"button\" aria-label=\"Ouvrir l\u2019image 9 sur 19 en plein \u00e9cran\"\/><\/figure><\/div><\/div><div class=\"tiled-gallery__row\"><div class=\"tiled-gallery__col\" style=\"flex-basis:50.00000%\"><figure class=\"tiled-gallery__item\"><img decoding=\"async\" srcset=\"https:\/\/i2.wp.com\/asu77ussy.fr\/wp-content\/uploads\/2021\/01\/DSC02491-1024x768.jpg?strip=info&#038;w=600&#038;ssl=1 600w,https:\/\/i2.wp.com\/asu77ussy.fr\/wp-content\/uploads\/2021\/01\/DSC02491-1024x768.jpg?strip=info&#038;w=900&#038;ssl=1 900w,https:\/\/i2.wp.com\/asu77ussy.fr\/wp-content\/uploads\/2021\/01\/DSC02491-1024x768.jpg?strip=info&#038;w=1200&#038;ssl=1 1200w,https:\/\/i2.wp.com\/asu77ussy.fr\/wp-content\/uploads\/2021\/01\/DSC02491-1024x768.jpg?strip=info&#038;w=1500&#038;ssl=1 1500w,https:\/\/i2.wp.com\/asu77ussy.fr\/wp-content\/uploads\/2021\/01\/DSC02491-1024x768.jpg?strip=info&#038;w=1800&#038;ssl=1 1800w,https:\/\/i2.wp.com\/asu77ussy.fr\/wp-content\/uploads\/2021\/01\/DSC02491-1024x768.jpg?strip=info&#038;w=2000&#038;ssl=1 2000w\" alt=\"\" data-height=\"1920\" data-id=\"4026\" data-link=\"https:\/\/asu77ussy.fr\/index.php\/personnalites-et-artistes-remarquables\/henri-hayden\/promenade-sur-les-pas-dhenri-hayden\/dsc02491\/\" data-url=\"https:\/\/asu77ussy.fr\/wp-content\/uploads\/2021\/01\/DSC02491-1024x768.jpg\" data-width=\"2560\" src=\"https:\/\/i2.wp.com\/asu77ussy.fr\/wp-content\/uploads\/2021\/01\/DSC02491-1024x768.jpg?ssl=1\" data-amp-layout=\"responsive\" tabindex=\"0\" role=\"button\" aria-label=\"Ouvrir l\u2019image 10 sur 19 en plein \u00e9cran\"\/><\/figure><\/div><div class=\"tiled-gallery__col\" style=\"flex-basis:50.00000%\"><figure class=\"tiled-gallery__item\"><img decoding=\"async\" srcset=\"https:\/\/i1.wp.com\/asu77ussy.fr\/wp-content\/uploads\/2021\/01\/DSC02492-1024x768.jpg?strip=info&#038;w=600&#038;ssl=1 600w,https:\/\/i1.wp.com\/asu77ussy.fr\/wp-content\/uploads\/2021\/01\/DSC02492-1024x768.jpg?strip=info&#038;w=900&#038;ssl=1 900w,https:\/\/i1.wp.com\/asu77ussy.fr\/wp-content\/uploads\/2021\/01\/DSC02492-1024x768.jpg?strip=info&#038;w=1200&#038;ssl=1 1200w,https:\/\/i1.wp.com\/asu77ussy.fr\/wp-content\/uploads\/2021\/01\/DSC02492-1024x768.jpg?strip=info&#038;w=1500&#038;ssl=1 1500w,https:\/\/i1.wp.com\/asu77ussy.fr\/wp-content\/uploads\/2021\/01\/DSC02492-1024x768.jpg?strip=info&#038;w=1800&#038;ssl=1 1800w,https:\/\/i1.wp.com\/asu77ussy.fr\/wp-content\/uploads\/2021\/01\/DSC02492-1024x768.jpg?strip=info&#038;w=2000&#038;ssl=1 2000w\" alt=\"\" data-height=\"1920\" data-id=\"4027\" data-link=\"https:\/\/asu77ussy.fr\/index.php\/personnalites-et-artistes-remarquables\/henri-hayden\/promenade-sur-les-pas-dhenri-hayden\/dsc02492\/\" data-url=\"https:\/\/asu77ussy.fr\/wp-content\/uploads\/2021\/01\/DSC02492-1024x768.jpg\" data-width=\"2560\" src=\"https:\/\/i1.wp.com\/asu77ussy.fr\/wp-content\/uploads\/2021\/01\/DSC02492-1024x768.jpg?ssl=1\" data-amp-layout=\"responsive\" tabindex=\"0\" role=\"button\" aria-label=\"Ouvrir l\u2019image 11 sur 19 en plein \u00e9cran\"\/><\/figure><\/div><\/div><div class=\"tiled-gallery__row\"><div class=\"tiled-gallery__col\" style=\"flex-basis:54.14404%\"><figure class=\"tiled-gallery__item\"><img decoding=\"async\" srcset=\"https:\/\/i0.wp.com\/asu77ussy.fr\/wp-content\/uploads\/2021\/01\/ferme-courtablon-ss-neige-1024x578.jpg?strip=info&#038;w=600&#038;ssl=1 600w,https:\/\/i0.wp.com\/asu77ussy.fr\/wp-content\/uploads\/2021\/01\/ferme-courtablon-ss-neige-1024x578.jpg?strip=info&#038;w=900&#038;ssl=1 900w,https:\/\/i0.wp.com\/asu77ussy.fr\/wp-content\/uploads\/2021\/01\/ferme-courtablon-ss-neige-1024x578.jpg?strip=info&#038;w=1200&#038;ssl=1 1200w,https:\/\/i0.wp.com\/asu77ussy.fr\/wp-content\/uploads\/2021\/01\/ferme-courtablon-ss-neige-1024x578.jpg?strip=info&#038;w=1500&#038;ssl=1 1500w,https:\/\/i0.wp.com\/asu77ussy.fr\/wp-content\/uploads\/2021\/01\/ferme-courtablon-ss-neige-1024x578.jpg?strip=info&#038;w=1800&#038;ssl=1 1800w,https:\/\/i0.wp.com\/asu77ussy.fr\/wp-content\/uploads\/2021\/01\/ferme-courtablon-ss-neige-1024x578.jpg?strip=info&#038;w=2000&#038;ssl=1 2000w\" alt=\"\" data-height=\"1445\" data-id=\"4028\" data-link=\"https:\/\/asu77ussy.fr\/index.php\/personnalites-et-artistes-remarquables\/henri-hayden\/promenade-sur-les-pas-dhenri-hayden\/cof-3\/\" data-url=\"https:\/\/asu77ussy.fr\/wp-content\/uploads\/2021\/01\/ferme-courtablon-ss-neige-1024x578.jpg\" data-width=\"2560\" src=\"https:\/\/i0.wp.com\/asu77ussy.fr\/wp-content\/uploads\/2021\/01\/ferme-courtablon-ss-neige-1024x578.jpg?ssl=1\" data-amp-layout=\"responsive\" tabindex=\"0\" role=\"button\" aria-label=\"Ouvrir l\u2019image 12 sur 19 en plein \u00e9cran\"\/><\/figure><\/div><div class=\"tiled-gallery__col\" style=\"flex-basis:45.85596%\"><figure class=\"tiled-gallery__item\"><img decoding=\"async\" srcset=\"https:\/\/i1.wp.com\/asu77ussy.fr\/wp-content\/uploads\/2021\/01\/les-Monts-Moyens-printemps-1024x683.jpg?strip=info&#038;w=600&#038;ssl=1 600w,https:\/\/i1.wp.com\/asu77ussy.fr\/wp-content\/uploads\/2021\/01\/les-Monts-Moyens-printemps-1024x683.jpg?strip=info&#038;w=900&#038;ssl=1 900w,https:\/\/i1.wp.com\/asu77ussy.fr\/wp-content\/uploads\/2021\/01\/les-Monts-Moyens-printemps-1024x683.jpg?strip=info&#038;w=1200&#038;ssl=1 1200w,https:\/\/i1.wp.com\/asu77ussy.fr\/wp-content\/uploads\/2021\/01\/les-Monts-Moyens-printemps-1024x683.jpg?strip=info&#038;w=1500&#038;ssl=1 1500w,https:\/\/i1.wp.com\/asu77ussy.fr\/wp-content\/uploads\/2021\/01\/les-Monts-Moyens-printemps-1024x683.jpg?strip=info&#038;w=1800&#038;ssl=1 1800w,https:\/\/i1.wp.com\/asu77ussy.fr\/wp-content\/uploads\/2021\/01\/les-Monts-Moyens-printemps-1024x683.jpg?strip=info&#038;w=2000&#038;ssl=1 2000w\" alt=\"\" data-height=\"1707\" data-id=\"4029\" data-link=\"https:\/\/asu77ussy.fr\/index.php\/personnalites-et-artistes-remarquables\/henri-hayden\/promenade-sur-les-pas-dhenri-hayden\/les-monts-moyens-printemps\/\" data-url=\"https:\/\/asu77ussy.fr\/wp-content\/uploads\/2021\/01\/les-Monts-Moyens-printemps-1024x683.jpg\" data-width=\"2560\" src=\"https:\/\/i1.wp.com\/asu77ussy.fr\/wp-content\/uploads\/2021\/01\/les-Monts-Moyens-printemps-1024x683.jpg?ssl=1\" data-amp-layout=\"responsive\" tabindex=\"0\" role=\"button\" aria-label=\"Ouvrir l\u2019image 13 sur 19 en plein \u00e9cran\"\/><\/figure><\/div><\/div><div class=\"tiled-gallery__row\"><div class=\"tiled-gallery__col\" style=\"flex-basis:66.74547%\"><figure class=\"tiled-gallery__item\"><img decoding=\"async\" srcset=\"https:\/\/i2.wp.com\/asu77ussy.fr\/wp-content\/uploads\/2021\/01\/Molien-2-1024x768.jpg?strip=info&#038;w=600&#038;ssl=1 600w,https:\/\/i2.wp.com\/asu77ussy.fr\/wp-content\/uploads\/2021\/01\/Molien-2-1024x768.jpg?strip=info&#038;w=900&#038;ssl=1 900w,https:\/\/i2.wp.com\/asu77ussy.fr\/wp-content\/uploads\/2021\/01\/Molien-2-1024x768.jpg?strip=info&#038;w=1200&#038;ssl=1 1200w,https:\/\/i2.wp.com\/asu77ussy.fr\/wp-content\/uploads\/2021\/01\/Molien-2-1024x768.jpg?strip=info&#038;w=1500&#038;ssl=1 1500w,https:\/\/i2.wp.com\/asu77ussy.fr\/wp-content\/uploads\/2021\/01\/Molien-2-1024x768.jpg?strip=info&#038;w=1800&#038;ssl=1 1800w,https:\/\/i2.wp.com\/asu77ussy.fr\/wp-content\/uploads\/2021\/01\/Molien-2-1024x768.jpg?strip=info&#038;w=2000&#038;ssl=1 2000w\" alt=\"\" data-height=\"1920\" data-id=\"4030\" data-link=\"https:\/\/asu77ussy.fr\/index.php\/personnalites-et-artistes-remarquables\/henri-hayden\/promenade-sur-les-pas-dhenri-hayden\/molien-2\/\" data-url=\"https:\/\/asu77ussy.fr\/wp-content\/uploads\/2021\/01\/Molien-2-1024x768.jpg\" data-width=\"2560\" src=\"https:\/\/i2.wp.com\/asu77ussy.fr\/wp-content\/uploads\/2021\/01\/Molien-2-1024x768.jpg?ssl=1\" data-amp-layout=\"responsive\" tabindex=\"0\" role=\"button\" aria-label=\"Ouvrir l\u2019image 14 sur 19 en plein \u00e9cran\"\/><\/figure><\/div><div class=\"tiled-gallery__col\" style=\"flex-basis:33.25453%\"><figure class=\"tiled-gallery__item\"><img decoding=\"async\" srcset=\"https:\/\/i1.wp.com\/asu77ussy.fr\/wp-content\/uploads\/2021\/01\/Monts-moyens-Bea-scaled-e1612812721948-1024x768.jpg?strip=info&#038;w=600&#038;ssl=1 600w,https:\/\/i1.wp.com\/asu77ussy.fr\/wp-content\/uploads\/2021\/01\/Monts-moyens-Bea-scaled-e1612812721948-1024x768.jpg?strip=info&#038;w=900&#038;ssl=1 900w,https:\/\/i1.wp.com\/asu77ussy.fr\/wp-content\/uploads\/2021\/01\/Monts-moyens-Bea-scaled-e1612812721948-1024x768.jpg?strip=info&#038;w=1200&#038;ssl=1 1200w,https:\/\/i1.wp.com\/asu77ussy.fr\/wp-content\/uploads\/2021\/01\/Monts-moyens-Bea-scaled-e1612812721948-1024x768.jpg?strip=info&#038;w=1500&#038;ssl=1 1500w,https:\/\/i1.wp.com\/asu77ussy.fr\/wp-content\/uploads\/2021\/01\/Monts-moyens-Bea-scaled-e1612812721948-1024x768.jpg?strip=info&#038;w=1800&#038;ssl=1 1800w,https:\/\/i1.wp.com\/asu77ussy.fr\/wp-content\/uploads\/2021\/01\/Monts-moyens-Bea-scaled-e1612812721948-1024x768.jpg?strip=info&#038;w=2000&#038;ssl=1 2000w\" alt=\"\" data-height=\"1920\" data-id=\"4031\" data-link=\"https:\/\/asu77ussy.fr\/index.php\/personnalites-et-artistes-remarquables\/henri-hayden\/promenade-sur-les-pas-dhenri-hayden\/monts-moyens-bea\/\" data-url=\"https:\/\/asu77ussy.fr\/wp-content\/uploads\/2021\/01\/Monts-moyens-Bea-scaled-e1612812721948-1024x768.jpg\" data-width=\"2560\" src=\"https:\/\/i1.wp.com\/asu77ussy.fr\/wp-content\/uploads\/2021\/01\/Monts-moyens-Bea-scaled-e1612812721948-1024x768.jpg?ssl=1\" data-amp-layout=\"responsive\" tabindex=\"0\" role=\"button\" aria-label=\"Ouvrir l\u2019image 15 sur 19 en plein \u00e9cran\"\/><\/figure><figure class=\"tiled-gallery__item\"><img decoding=\"async\" srcset=\"https:\/\/i1.wp.com\/asu77ussy.fr\/wp-content\/uploads\/2021\/01\/Morintru-gris-Bea-1024x768.jpg?strip=info&#038;w=600&#038;ssl=1 600w,https:\/\/i1.wp.com\/asu77ussy.fr\/wp-content\/uploads\/2021\/01\/Morintru-gris-Bea-1024x768.jpg?strip=info&#038;w=900&#038;ssl=1 900w,https:\/\/i1.wp.com\/asu77ussy.fr\/wp-content\/uploads\/2021\/01\/Morintru-gris-Bea-1024x768.jpg?strip=info&#038;w=1200&#038;ssl=1 1200w,https:\/\/i1.wp.com\/asu77ussy.fr\/wp-content\/uploads\/2021\/01\/Morintru-gris-Bea-1024x768.jpg?strip=info&#038;w=1500&#038;ssl=1 1500w,https:\/\/i1.wp.com\/asu77ussy.fr\/wp-content\/uploads\/2021\/01\/Morintru-gris-Bea-1024x768.jpg?strip=info&#038;w=1800&#038;ssl=1 1800w,https:\/\/i1.wp.com\/asu77ussy.fr\/wp-content\/uploads\/2021\/01\/Morintru-gris-Bea-1024x768.jpg?strip=info&#038;w=2000&#038;ssl=1 2000w\" alt=\"\" data-height=\"1920\" data-id=\"4032\" data-link=\"https:\/\/asu77ussy.fr\/index.php\/personnalites-et-artistes-remarquables\/henri-hayden\/promenade-sur-les-pas-dhenri-hayden\/morintru-gris-bea\/\" data-url=\"https:\/\/asu77ussy.fr\/wp-content\/uploads\/2021\/01\/Morintru-gris-Bea-1024x768.jpg\" data-width=\"2560\" src=\"https:\/\/i1.wp.com\/asu77ussy.fr\/wp-content\/uploads\/2021\/01\/Morintru-gris-Bea-1024x768.jpg?ssl=1\" data-amp-layout=\"responsive\" tabindex=\"0\" role=\"button\" aria-label=\"Ouvrir l\u2019image 16 sur 19 en plein \u00e9cran\"\/><\/figure><\/div><\/div><div class=\"tiled-gallery__row\"><div class=\"tiled-gallery__col\" style=\"flex-basis:31.45365%\"><figure class=\"tiled-gallery__item\"><img decoding=\"async\" srcset=\"https:\/\/i0.wp.com\/asu77ussy.fr\/wp-content\/uploads\/2021\/01\/plaine-de-Ussy-1024x683.jpg?strip=info&#038;w=600&#038;ssl=1 600w,https:\/\/i0.wp.com\/asu77ussy.fr\/wp-content\/uploads\/2021\/01\/plaine-de-Ussy-1024x683.jpg?strip=info&#038;w=900&#038;ssl=1 900w,https:\/\/i0.wp.com\/asu77ussy.fr\/wp-content\/uploads\/2021\/01\/plaine-de-Ussy-1024x683.jpg?strip=info&#038;w=1200&#038;ssl=1 1200w,https:\/\/i0.wp.com\/asu77ussy.fr\/wp-content\/uploads\/2021\/01\/plaine-de-Ussy-1024x683.jpg?strip=info&#038;w=1500&#038;ssl=1 1500w,https:\/\/i0.wp.com\/asu77ussy.fr\/wp-content\/uploads\/2021\/01\/plaine-de-Ussy-1024x683.jpg?strip=info&#038;w=1800&#038;ssl=1 1800w,https:\/\/i0.wp.com\/asu77ussy.fr\/wp-content\/uploads\/2021\/01\/plaine-de-Ussy-1024x683.jpg?strip=info&#038;w=2000&#038;ssl=1 2000w\" alt=\"\" data-height=\"1707\" data-id=\"4033\" data-link=\"https:\/\/asu77ussy.fr\/index.php\/personnalites-et-artistes-remarquables\/henri-hayden\/promenade-sur-les-pas-dhenri-hayden\/plaine-de-ussy\/\" data-url=\"https:\/\/asu77ussy.fr\/wp-content\/uploads\/2021\/01\/plaine-de-Ussy-1024x683.jpg\" data-width=\"2560\" src=\"https:\/\/i0.wp.com\/asu77ussy.fr\/wp-content\/uploads\/2021\/01\/plaine-de-Ussy-1024x683.jpg?ssl=1\" data-amp-layout=\"responsive\" tabindex=\"0\" role=\"button\" aria-label=\"Ouvrir l\u2019image 17 sur 19 en plein \u00e9cran\"\/><\/figure><\/div><div class=\"tiled-gallery__col\" style=\"flex-basis:37.09271%\"><figure class=\"tiled-gallery__item\"><img decoding=\"async\" srcset=\"https:\/\/i0.wp.com\/asu77ussy.fr\/wp-content\/uploads\/2021\/01\/plaine-Ussy-ss-neige--1024x579.jpg?strip=info&#038;w=600&#038;ssl=1 600w,https:\/\/i0.wp.com\/asu77ussy.fr\/wp-content\/uploads\/2021\/01\/plaine-Ussy-ss-neige--1024x579.jpg?strip=info&#038;w=900&#038;ssl=1 900w,https:\/\/i0.wp.com\/asu77ussy.fr\/wp-content\/uploads\/2021\/01\/plaine-Ussy-ss-neige--1024x579.jpg?strip=info&#038;w=1200&#038;ssl=1 1200w,https:\/\/i0.wp.com\/asu77ussy.fr\/wp-content\/uploads\/2021\/01\/plaine-Ussy-ss-neige--1024x579.jpg?strip=info&#038;w=1500&#038;ssl=1 1500w,https:\/\/i0.wp.com\/asu77ussy.fr\/wp-content\/uploads\/2021\/01\/plaine-Ussy-ss-neige--1024x579.jpg?strip=info&#038;w=1699&#038;ssl=1 1699w\" alt=\"\" data-height=\"960\" data-id=\"4034\" data-link=\"https:\/\/asu77ussy.fr\/index.php\/personnalites-et-artistes-remarquables\/henri-hayden\/promenade-sur-les-pas-dhenri-hayden\/plaine-ussy-ss-neige\/\" data-url=\"https:\/\/asu77ussy.fr\/wp-content\/uploads\/2021\/01\/plaine-Ussy-ss-neige--1024x579.jpg\" data-width=\"1699\" src=\"https:\/\/i0.wp.com\/asu77ussy.fr\/wp-content\/uploads\/2021\/01\/plaine-Ussy-ss-neige--1024x579.jpg?ssl=1\" data-amp-layout=\"responsive\" tabindex=\"0\" role=\"button\" aria-label=\"Ouvrir l\u2019image 18 sur 19 en plein \u00e9cran\"\/><\/figure><\/div><div class=\"tiled-gallery__col\" style=\"flex-basis:31.45365%\"><figure class=\"tiled-gallery__item\"><img decoding=\"async\" srcset=\"https:\/\/i2.wp.com\/asu77ussy.fr\/wp-content\/uploads\/2021\/01\/plaine-vue-de-Ussy-1024x683.jpg?strip=info&#038;w=600&#038;ssl=1 600w,https:\/\/i2.wp.com\/asu77ussy.fr\/wp-content\/uploads\/2021\/01\/plaine-vue-de-Ussy-1024x683.jpg?strip=info&#038;w=900&#038;ssl=1 900w,https:\/\/i2.wp.com\/asu77ussy.fr\/wp-content\/uploads\/2021\/01\/plaine-vue-de-Ussy-1024x683.jpg?strip=info&#038;w=1200&#038;ssl=1 1200w,https:\/\/i2.wp.com\/asu77ussy.fr\/wp-content\/uploads\/2021\/01\/plaine-vue-de-Ussy-1024x683.jpg?strip=info&#038;w=1500&#038;ssl=1 1500w,https:\/\/i2.wp.com\/asu77ussy.fr\/wp-content\/uploads\/2021\/01\/plaine-vue-de-Ussy-1024x683.jpg?strip=info&#038;w=1800&#038;ssl=1 1800w,https:\/\/i2.wp.com\/asu77ussy.fr\/wp-content\/uploads\/2021\/01\/plaine-vue-de-Ussy-1024x683.jpg?strip=info&#038;w=2000&#038;ssl=1 2000w\" alt=\"\" data-height=\"1707\" data-id=\"4035\" data-link=\"https:\/\/asu77ussy.fr\/index.php\/personnalites-et-artistes-remarquables\/henri-hayden\/promenade-sur-les-pas-dhenri-hayden\/plaine-vue-de-ussy\/\" data-url=\"https:\/\/asu77ussy.fr\/wp-content\/uploads\/2021\/01\/plaine-vue-de-Ussy-1024x683.jpg\" data-width=\"2560\" src=\"https:\/\/i2.wp.com\/asu77ussy.fr\/wp-content\/uploads\/2021\/01\/plaine-vue-de-Ussy-1024x683.jpg?ssl=1\" data-amp-layout=\"responsive\" tabindex=\"0\" role=\"button\" aria-label=\"Ouvrir l\u2019image 19 sur 19 en plein \u00e9cran\"\/><\/figure><\/div><\/div><\/div><\/div><\/div>\n\n\n<h6>\u00a0<\/h6>\n<h6 style=\"text-align: center;\"><a href=\"https:\/\/asu77ussy.fr\/index.php\/2019\/07\/09\/henri-hayden\/\"><span style=\"color: #0000ff;\">D&rsquo;autres informations sur le peintre : Henri HAYDEN<\/span><\/a><\/h6>\n\n\n<p><\/p>\n","protected":false},"excerpt":{"rendered":"<p>Chers randonneurs, vous partez \u00e0 la d\u00e9couverte de la promenade Sur les pas du peintre Henri Hayden. Cette page vous<\/p>\n","protected":false},"author":1,"featured_media":0,"parent":323,"menu_order":0,"comment_status":"closed","ping_status":"closed","template":"","meta":{"colormag_page_container_layout":"no_sidebar_full_width","colormag_page_sidebar_layout":"no_sidebar","jetpack_post_was_ever_published":false,"footnotes":""},"class_list":["post-1121","page","type-page","status-publish","hentry"],"jetpack_sharing_enabled":true,"jetpack_shortlink":"https:\/\/wp.me\/PaUFS9-i5","_links":{"self":[{"href":"https:\/\/asu77ussy.fr\/index.php\/wp-json\/wp\/v2\/pages\/1121","targetHints":{"allow":["GET"]}}],"collection":[{"href":"https:\/\/asu77ussy.fr\/index.php\/wp-json\/wp\/v2\/pages"}],"about":[{"href":"https:\/\/asu77ussy.fr\/index.php\/wp-json\/wp\/v2\/types\/page"}],"author":[{"embeddable":true,"href":"https:\/\/asu77ussy.fr\/index.php\/wp-json\/wp\/v2\/users\/1"}],"replies":[{"embeddable":true,"href":"https:\/\/asu77ussy.fr\/index.php\/wp-json\/wp\/v2\/comments?post=1121"}],"version-history":[{"count":20,"href":"https:\/\/asu77ussy.fr\/index.php\/wp-json\/wp\/v2\/pages\/1121\/revisions"}],"predecessor-version":[{"id":6553,"href":"https:\/\/asu77ussy.fr\/index.php\/wp-json\/wp\/v2\/pages\/1121\/revisions\/6553"}],"up":[{"embeddable":true,"href":"https:\/\/asu77ussy.fr\/index.php\/wp-json\/wp\/v2\/pages\/323"}],"wp:attachment":[{"href":"https:\/\/asu77ussy.fr\/index.php\/wp-json\/wp\/v2\/media?parent=1121"}],"curies":[{"name":"wp","href":"https:\/\/api.w.org\/{rel}","templated":true}]}}